{"id":1714,"date":"2024-07-24T15:11:40","date_gmt":"2024-07-24T13:11:40","guid":{"rendered":"https:\/\/medienvielfalt.net\/?page_id=1714"},"modified":"2024-09-30T12:06:54","modified_gmt":"2024-09-30T10:06:54","slug":"nothing-about-us-without-us-in-tuebingen","status":"publish","type":"page","link":"https:\/\/medienvielfalt.net\/index.php\/ausstellung\/wanderung\/nothing-about-us-without-us-in-tuebingen\/","title":{"rendered":"Ausstellung: Nothing About Us Without Us"},"content":{"rendered":"\n<div class=\"wp-block-themeisle-blocks-advanced-columns has-1-columns has-desktop-equal-layout has-tablet-equal-layout has-mobile-equal-layout has-default-gap has-vertical-unset\" id=\"wp-block-themeisle-blocks-advanced-columns-00073ab8\"><div class=\"wp-block-themeisle-blocks-advanced-columns-overlay\"><\/div><div class=\"innerblocks-wrap\">\n<div class=\"wp-block-themeisle-blocks-advanced-column\" id=\"wp-block-themeisle-blocks-advanced-column-1adee718\"><div class=\"wp-block-image\">\n<figure class=\"aligncenter size-large\"><img decoding=\"async\" src=\"https:\/\/medienvielfalt.net\/wp-content\/uploads\/2024\/02\/ausstellungsheader.jpg\" alt=\"\"\/><\/figure>\n<\/div><\/div>\n<\/div><\/div>\n\n\n\n<p class=\"has-text-align-center ticss-8de121da has-nv-site-bg-color has-text-color has-background has-link-color has-medium-font-size wp-elements-ac4f14175e8283f760557aaf04a2fb66\" style=\"background-color:#e7375b\">Wanderausstellung des &#8222;netzwerk medien.vielfalt!&#8220;<\/p>\n\n\n\n<h1 class=\"wp-block-heading has-text-align-center\">Nothing About Us Without Us<\/h1>\n\n\n\n<p class=\"has-text-align-center ticss-8de121da has-nv-site-bg-color has-text-color has-background has-link-color has-medium-font-size wp-elements-d4a29f016c90977dc4e855aa89bc5693\" style=\"background-color:#e7375b\">im Epplehaus T\u00fcbingen, Karlstra\u00dfe 13<br><strong>Montag, 16.09. &#8211; Mittwoch 2.10.2024<br><\/strong>ge\u00f6ffnet t\u00e4glich 17 \u2013 19 Uhr<\/p>\n\n\n\n<div class=\"wp-block-columns is-layout-flex wp-container-core-columns-is-layout-9d6595d7 wp-block-columns-is-layout-flex\">\n<div class=\"wp-block-column is-layout-flow wp-block-column-is-layout-flow\">\n<p>\u00dcberall k\u00f6nnen wir beobachten, wie durch verzerrte Berichterstattung Meinungen manipuliert und Ressentiments gesch\u00fcrt werden. Diesen Entwicklungen setzen junge Medienaktivist_innen mit Flucht- und Migrationserfahrung mit ihrer journalistischen Arbeit und durch diese Ausstellung andere Stories und Konzepte von \u00d6ffentlichkeit entgegen. Sie schreiben und moderieren an gegen Stereotype, mediale Hetze und Rassismus.<br>Die Ausstellung ist multimedial und interaktiv. Neben Grafiken, Illustrationen, Fotos und Texten gibt es mehrere Video- und H\u00f6rstationen.&nbsp;<\/p>\n\n\n\n<div class=\"wp-block-buttons is-layout-flex wp-block-buttons-is-layout-flex\">\n<div class=\"wp-block-button has-custom-width wp-block-button__width-100\"><a class=\"wp-block-button__link has-background wp-element-button\" href=\"https:\/\/medienvielfalt.net\/index.php\/ausstellung\/ueber-die-ausstellung\/\" style=\"background-color:#e7375b\" target=\"_blank\" rel=\"noreferrer noopener\">EINBLICKE IN DIE AUSSTELLUNG GIBT ES HIER!<\/a><\/div>\n<\/div>\n<\/div>\n\n\n\n<div class=\"wp-block-column is-layout-flow wp-block-column-is-layout-flow\">\n<p class=\"ticss-8a62fa76 has-background\" style=\"background-color:#edededd9\"><strong>Infos zu Barrieren:<\/strong>&nbsp;Leider war es nicht m\u00f6glich, barrierearme R\u00e4umlichkeiten zu finden. Die Ausstellung ist nur \u00fcber eine Treppe (ca. 12 Stufen) erreichbar. Es ist keine berollbare Toilette vorhanden. <br><br>Die Ausstellungstafeln sind auf Deutsch. <strong>\u00dcbersetzungen <\/strong>gibt es f\u00fcr Englisch, Franz\u00f6sisch, Farsi und Arabisch. Es gibt Dinge zu lesen und zu h\u00f6ren.<\/p>\n<\/div>\n<\/div>\n\n\n\n<hr class=\"wp-block-separator has-alpha-channel-opacity\"\/>\n\n\n\n<h2 class=\"wp-block-heading has-text-align-center has-neve-text-color-color has-text-color has-link-color wp-elements-63af46df5b92ef3b380990d72fd3dedc\">Programm zur Ausstellung<\/h2>\n\n\n\n<p>Der einfache Wunsch f\u00fcr sich selbst zu sprechen, h\u00e4lt das <strong>netzwerk medien.vielfalt!<\/strong> zusammen. Ein Privileg, das nicht allen in dieser Gesellschaft zugute kommt. \u00d6ffentlichkeit mitzubestimmen erfordert Mut, gerade f\u00fcr Communities, die ohnehin an den Rand gedr\u00e4ngt werden. Aber es birgt auch die Chance, gesehen zu werden, die Gesellschaft in ihrer Vielfalt zu zeigen und die \u00d6ffentlichkeit zu demokratisieren.<br>Unsere Veranstaltungs- und Workshopreihe l\u00e4dt dazu ein, in einem achtsamen Raum die Chancen und Grenzen des sich Sichtbarmachens kreativ auszuloten. Sprache spielt keine Rolle. Alle Workshops sind mehrsprachig &#8211; bitte meldet euch, wenn ihr zus\u00e4tzlichen \u00dcbersetzungsbedarf habt.<\/p>\n\n\n\n<div class=\"wp-block-columns is-layout-flex wp-container-core-columns-is-layout-9d6595d7 wp-block-columns-is-layout-flex\">\n<div class=\"wp-block-column is-layout-flow wp-block-column-is-layout-flow\">\n<figure class=\"wp-block-image size-large\"><img loading=\"lazy\" decoding=\"async\" width=\"1024\" height=\"602\" src=\"https:\/\/medienvielfalt.net\/wp-content\/uploads\/2024\/08\/ausstellung_vernissage-1024x602.jpg\" alt=\"\" class=\"wp-image-1724\" srcset=\"https:\/\/medienvielfalt.net\/wp-content\/uploads\/2024\/08\/ausstellung_vernissage-1024x602.jpg 1024w, https:\/\/medienvielfalt.net\/wp-content\/uploads\/2024\/08\/ausstellung_vernissage-300x176.jpg 300w, https:\/\/medienvielfalt.net\/wp-content\/uploads\/2024\/08\/ausstellung_vernissage-768x452.jpg 768w, https:\/\/medienvielfalt.net\/wp-content\/uploads\/2024\/08\/ausstellung_vernissage.jpg 1360w\" sizes=\"auto, (max-width: 1024px) 100vw, 1024px\" \/><\/figure>\n<\/div>\n\n\n\n<div class=\"wp-block-column is-layout-flow wp-block-column-is-layout-flow\">\n<p class=\"ticss-aecb54b1 has-nv-site-bg-color has-text-color has-background has-link-color wp-elements-182cab11fa11d178aac0c4e36ccdf4a6\" style=\"background-color:#e7375b\"><strong>VERNISSAGE<br><\/strong>Montag, 16.09. :: 17 Uhr<br>Ort: Epplehaus, Karlstr. 13<br><em>Eintritt frei<\/em><br><br>Die Vernissage wird von Daniel Lede-Abal er\u00f6ffnet, Sprecher f\u00fcr Migration im Landtag Baden-W\u00fcrttemberg. Dann begr\u00fcssen wir Yumn Ammar von Diversity Media. Sie hat die Ausstellung mit weiteren Menschen aus dem netzwerk medien.vielfalt! konzipiert. Sie berichtet von diesem kollektiven Entstehungsprozess und spricht dar\u00fcber, warum es dringend n\u00f6tig ist, dass neue Perspektiven von Menschen mit Flucht- und Migrationserfahrung Eingang in die Medienwelt finden. <br><br>Musikalisch begleitet wird die Veranstaltung von T\u00fcFolk. Das Orchester T\u00fcFolk bringt sich, seit 2014, in w\u00f6chentlichen Tune Learning Sessions, gegenseitig Lieder aus aller Welt bei. Nicht nach Noten, sondern nach Geh\u00f6r!<\/p>\n<\/div>\n<\/div>\n\n\n\n<div class=\"wp-block-columns is-layout-flex wp-container-core-columns-is-layout-9d6595d7 wp-block-columns-is-layout-flex\">\n<div class=\"wp-block-column is-layout-flow wp-block-column-is-layout-flow\">\n<figure class=\"wp-block-image size-large\"><img loading=\"lazy\" decoding=\"async\" width=\"1024\" height=\"602\" src=\"https:\/\/medienvielfalt.net\/wp-content\/uploads\/2024\/08\/ausstellung_podium-1024x602.jpg\" alt=\"\" class=\"wp-image-1725\" srcset=\"https:\/\/medienvielfalt.net\/wp-content\/uploads\/2024\/08\/ausstellung_podium-1024x602.jpg 1024w, https:\/\/medienvielfalt.net\/wp-content\/uploads\/2024\/08\/ausstellung_podium-300x176.jpg 300w, https:\/\/medienvielfalt.net\/wp-content\/uploads\/2024\/08\/ausstellung_podium-768x452.jpg 768w, https:\/\/medienvielfalt.net\/wp-content\/uploads\/2024\/08\/ausstellung_podium.jpg 1360w\" sizes=\"auto, (max-width: 1024px) 100vw, 1024px\" \/><\/figure>\n<\/div>\n\n\n\n<div class=\"wp-block-column is-layout-flow wp-block-column-is-layout-flow\">\n<p class=\"ticss-e702a770 has-nv-site-bg-color has-text-color has-background has-link-color wp-elements-f1f22a29dbb501eabd6338328f1a956a\" style=\"background-color:#e7375b\"><strong>Podiumsdiskussion<\/strong><br>Freitag 20.09. :: 19:30 Uhr<br>Ort: Epplehaus, Karlstr. 13<br><em>Eintritt frei<\/em><br><strong>Die Kraft der \u00d6ffentlichkeit: Queere Gefl\u00fcchtete diskutieren \u00fcber die Bedeutung von Medienaktivismus<\/strong><br><br>F\u00fcr queere Menschen sind die wenigsten Orte auf dieser Welt sicher. Sie erleben staatliche Verfolgung und pers\u00f6nlich \u00c4chtung. Unsichtbar werden ist h\u00e4ufig die einzige \u00dcberlebensstrategie.<br>In diesem Podiumsgespr\u00e4ch erz\u00e4hlen queere Medienaktivist_innen der Radio-Redaktion \u201eOur Voice\u201c, wie sie ihre Verwundungen jetzt umwandeln in St\u00e4rke. Sie sprechen laut \u00fcber das, was vorher verschwiegen werden musste: auf UKW, auf dem CSD, auf einer Demo. Sie bekommen Applaus und Kommentare, sie ermutigen andere, es ihnen gleich zu tun. Dennoch finden sie auch hier nicht den Schutz, den sie br\u00e4uchten\u2026.<\/p>\n<\/div>\n<\/div>\n\n\n\n<div class=\"wp-block-columns is-layout-flex wp-container-core-columns-is-layout-9d6595d7 wp-block-columns-is-layout-flex\">\n<div class=\"wp-block-column is-layout-flow wp-block-column-is-layout-flow\">\n<figure class=\"wp-block-image size-large\"><img loading=\"lazy\" decoding=\"async\" width=\"1024\" height=\"602\" src=\"https:\/\/medienvielfalt.net\/wp-content\/uploads\/2024\/08\/ausstellung_ws_empower-1024x602.jpg\" alt=\"\" class=\"wp-image-1726\" srcset=\"https:\/\/medienvielfalt.net\/wp-content\/uploads\/2024\/08\/ausstellung_ws_empower-1024x602.jpg 1024w, https:\/\/medienvielfalt.net\/wp-content\/uploads\/2024\/08\/ausstellung_ws_empower-300x176.jpg 300w, https:\/\/medienvielfalt.net\/wp-content\/uploads\/2024\/08\/ausstellung_ws_empower-768x452.jpg 768w, https:\/\/medienvielfalt.net\/wp-content\/uploads\/2024\/08\/ausstellung_ws_empower.jpg 1360w\" sizes=\"auto, (max-width: 1024px) 100vw, 1024px\" \/><\/figure>\n<\/div>\n\n\n\n<div class=\"wp-block-column is-layout-flow wp-block-column-is-layout-flow\">\n<p class=\"ticss-773cef27 has-nv-site-bg-color has-text-color has-background has-link-color wp-elements-f7d4355d11ec39c4e1af36b90d3ecc04\" style=\"background-color:#e7375b\"><strong>Empowerment-Workshop<br><\/strong>Samstag, 21.09. :: 12 \u2013 17 Uhr<br>Ort: Epplehaus, Karlstr. 13<br><em>f\u00fcr Frauen mit Fluchterfahrung, nicht-bin\u00e4re und trans* Personen sind ebenfalls herzlich willkommen<\/em>\/ Teilnahme kostenlos<br><br>Als gefl\u00fcchtete Frauen sind wir jeden Tag mit vielen Problemen konfrontiert. Neben der Isolation in den Lagern, Geschlechterstereotypen, Homophobie, Unsicherheit und administrativer Gewalt sind gefl\u00fcchtete Frauen im Alltag von vielf\u00e4ltigen Diskriminierungen aufgrund ihrer Hautfarbe, Sprache, Religion oder sexueller Orientierung und Geschlechtsidentit\u00e4t betroffen. In diesem Workshop schaffen wir einen Raum f\u00fcr den Austausch und versuchen zu erkennen, dass unsere Probleme nicht nur individuell sind. Wir diskutieren dar\u00fcber, wie wir unsere Situation verbessern k\u00f6nnen und warum es wichtig ist, sich kollektiv zu organisieren.<br>Die Workshopleiterin Rouby Baba-Traor\u00e9 hat viel Erfahrung mit Empowermentarbeit und wird begleitet von weiteren Aktiven von \u201eOur Voice\u201c, der Refugee Redaktion von Radio Dreyeckland Freiburg.<br>Es gibt Mittagessen und Getr\u00e4nke. Es gibt Kinderbetreuung. Bitte schreibt, wie alt eure Kinder sind.<br><strong>Sprachen<\/strong>: Deutsch, Franz\u00f6sisch, Englisch nach Bedarf. F\u00fcr weitere Sprachen k\u00f6nnen Dolmetscher_innen organisiert werden. Bitte Sprachen fr\u00fchzeitig anmelden!<br><strong>Anmeldung<\/strong>: Online oder per Whatsapp: +49 151 55261787<\/p>\n\n\n\n<div class=\"wp-block-buttons is-layout-flex wp-block-buttons-is-layout-flex\">\n<div class=\"wp-block-button has-custom-width wp-block-button__width-100 is-style-default\"><a class=\"wp-block-button__link has-background wp-element-button\" href=\"https:\/\/www.wueste-welle.de\/workshops\/view\/id\/54\" style=\"background-color:#e7375b\" target=\"_blank\" rel=\"noreferrer noopener\">HIER ANMELDEN<\/a><\/div>\n<\/div>\n<\/div>\n<\/div>\n\n\n\n<div class=\"wp-block-columns is-layout-flex wp-container-core-columns-is-layout-9d6595d7 wp-block-columns-is-layout-flex\">\n<div class=\"wp-block-column is-layout-flow wp-block-column-is-layout-flow\">\n<figure class=\"wp-block-image size-large\"><img loading=\"lazy\" decoding=\"async\" width=\"1024\" height=\"602\" src=\"https:\/\/medienvielfalt.net\/wp-content\/uploads\/2024\/08\/ausstellung_ws_stimme-1024x602.jpg\" alt=\"\" class=\"wp-image-1727\" srcset=\"https:\/\/medienvielfalt.net\/wp-content\/uploads\/2024\/08\/ausstellung_ws_stimme-1024x602.jpg 1024w, https:\/\/medienvielfalt.net\/wp-content\/uploads\/2024\/08\/ausstellung_ws_stimme-300x176.jpg 300w, https:\/\/medienvielfalt.net\/wp-content\/uploads\/2024\/08\/ausstellung_ws_stimme-768x452.jpg 768w, https:\/\/medienvielfalt.net\/wp-content\/uploads\/2024\/08\/ausstellung_ws_stimme.jpg 1360w\" sizes=\"auto, (max-width: 1024px) 100vw, 1024px\" \/><\/figure>\n<\/div>\n\n\n\n<div class=\"wp-block-column is-layout-flow wp-block-column-is-layout-flow\">\n<p class=\"ticss-b33aa1e6 has-nv-site-bg-color has-text-color has-background has-link-color wp-elements-f61ee437681731a8b49265566f13974f\" style=\"background-color:#e7375b\"><strong>Workshop: Stimme und Atemtechnik<\/strong><br>Sonntag, 22.09. :: 15 \u2013 19 Uhr, 14:30<br>Ort: Epplehaus, Karlstr. 13<br><em>Treffpunkt Epplehaus (bei gutem Wetter drau\u00dfen<\/em>)\/ <em>Teilnahme kostenlos<\/em><br><br>Wie mache ich meine Stimme stark und sch\u00f6n?<br>Unsere Stimme und Atmung kann uns dabei unterst\u00fctzen, anderen m\u00f6glichst genau zu vermitteln, was wir f\u00fchlen und denken. Wie wir etwas sagen ist dabei ebenso wichtig wie was wir sagen.<br>Mit vielen Methoden und Spielen trainieren wir unsere Stimm- und Atemtechnik:<br>Atem-, Zwerchfell- und Artikulations\u00fcbungen sowie \u00dcbungen f\u00fcr die Entwicklung von Zunge, Kinn, Lippen, Wangen etc..<br>Der Workshop-Leiter Ahmet ist Schauspieler und Synchronsprecher. Er war lange Jahre Redakteur bei NewcomerNews auf der W\u00fcsten Welle. Es gibt kleine Snacks und Getr\u00e4nke.<br><strong>Sprachen<\/strong>: Englisch, T\u00fcrkisch, Kurdisch nach Bedarf. F\u00fcr weitere Sprachen k\u00f6nnen Dolmetscher_innen organisiert werden. Bitte Sprachen fr\u00fchzeitig anmelden!<br><strong>Anmeldung<\/strong>: Online oder per Whatsapp: +49 151 55261787<\/p>\n\n\n\n<div class=\"wp-block-buttons is-layout-flex wp-block-buttons-is-layout-flex\">\n<div class=\"wp-block-button has-custom-width wp-block-button__width-100\"><a class=\"wp-block-button__link has-background wp-element-button\" href=\"https:\/\/www.wueste-welle.de\/workshops\/view\/id\/55\" style=\"background-color:#e7375b\" target=\"_blank\" rel=\"noreferrer noopener\">HIER ANMELDEN<\/a><\/div>\n<\/div>\n<\/div>\n<\/div>\n\n\n\n<div class=\"wp-block-columns is-layout-flex wp-container-core-columns-is-layout-9d6595d7 wp-block-columns-is-layout-flex\">\n<div class=\"wp-block-column is-layout-flow wp-block-column-is-layout-flow\">\n<figure class=\"wp-block-image size-large\"><img loading=\"lazy\" decoding=\"async\" width=\"1024\" height=\"602\" src=\"https:\/\/medienvielfalt.net\/wp-content\/uploads\/2024\/08\/ausstellung_ws_zine-1024x602.jpg\" alt=\"\" class=\"wp-image-1729\" srcset=\"https:\/\/medienvielfalt.net\/wp-content\/uploads\/2024\/08\/ausstellung_ws_zine-1024x602.jpg 1024w, https:\/\/medienvielfalt.net\/wp-content\/uploads\/2024\/08\/ausstellung_ws_zine-300x176.jpg 300w, https:\/\/medienvielfalt.net\/wp-content\/uploads\/2024\/08\/ausstellung_ws_zine-768x452.jpg 768w, https:\/\/medienvielfalt.net\/wp-content\/uploads\/2024\/08\/ausstellung_ws_zine.jpg 1360w\" sizes=\"auto, (max-width: 1024px) 100vw, 1024px\" \/><\/figure>\n<\/div>\n\n\n\n<div class=\"wp-block-column is-layout-flow wp-block-column-is-layout-flow\">\n<p class=\"ticss-9b2ed102 has-nv-site-bg-color has-text-color has-background has-link-color wp-elements-4d6d94050854fe7a1b8e7010fb60f7a8\" style=\"background-color:#e7375b\"><strong>Workshop: Zines produzieren<br><\/strong>Sonntag, 29.09. :: 14:00 \u2013 17:30 Uhr<br>Ort: Blauer Salon, M\u00fcnzgasse 13<br><em>Teilnahme kostenlos<\/em><br><strong>\u201eDeine Message z\u00e4hlt\u201c<\/strong> &#8211; offen f\u00fcr alle Menschen mit Rassismuserfahrungen<br><br>In dem Workshop wollen wir uns kreativ mit unseren Perspektiven auf die Welt besch\u00e4ftigen und sie in Form eines Mini-Zines sichtbar machen. Ein Zine ist ein allein oder gemeinsam gestaltetes kleines nicht-kommerzielles Heft, das aus kurzen selbstgeschriebenen Texten, Zeichnungen, Collagen etc. bestehen kann. Es wird selbst vervielf\u00e4ltigt (kopiert) und ver\u00f6ffentlicht. Das Sch\u00f6ne an Zines: Du kannst dich schreibend und malend ausdr\u00fccken, ohne dass das Ergebnis perfekt sein muss, denn: Deine Message z\u00e4hlt.<br>Die Workshop-Leiterin Jessica Lawson arbeitet im sozialen Bereich, lektoriet manchmal, schreibt gerne und studiert (gef\u00fchlt immer) Literatur- und Kulturtheorie. Es gibt kleine Snacks und Getr\u00e4nke.<br><strong>Sprachen<\/strong>: Deutsch, Englisch. F\u00fcr weitere Sprachen k\u00f6nnen Dolmetscher_innen organisiert werden. Bitte Sprachen fr\u00fchzeitig anmelden!<br><strong>Anmeldung<\/strong>: Online oder \u00fcber Whatsapp: +49 151 55261787<\/p>\n\n\n\n<div class=\"wp-block-buttons is-content-justification-center is-layout-flex wp-container-core-buttons-is-layout-16018d1d wp-block-buttons-is-layout-flex\">\n<div class=\"wp-block-button has-custom-width wp-block-button__width-100\"><a class=\"wp-block-button__link has-nv-site-bg-color has-text-color has-background has-link-color wp-element-button\" href=\"https:\/\/www.wueste-welle.de\/workshops\/view\/id\/56\" style=\"background-color:#e7375b\" target=\"_blank\" rel=\"noreferrer noopener\">Hier ANMELDEN<\/a><\/div>\n<\/div>\n<\/div>\n<\/div>\n\n\n\n<div class=\"wp-block-columns is-layout-flex wp-container-core-columns-is-layout-9d6595d7 wp-block-columns-is-layout-flex\">\n<div class=\"wp-block-column is-layout-flow wp-block-column-is-layout-flow\">\n<figure class=\"wp-block-image size-large\"><img loading=\"lazy\" decoding=\"async\" width=\"1024\" height=\"602\" src=\"https:\/\/medienvielfalt.net\/wp-content\/uploads\/2024\/08\/ausstellung_abschluss-1024x602.jpg\" alt=\"\" class=\"wp-image-1731\" srcset=\"https:\/\/medienvielfalt.net\/wp-content\/uploads\/2024\/08\/ausstellung_abschluss-1024x602.jpg 1024w, https:\/\/medienvielfalt.net\/wp-content\/uploads\/2024\/08\/ausstellung_abschluss-300x176.jpg 300w, https:\/\/medienvielfalt.net\/wp-content\/uploads\/2024\/08\/ausstellung_abschluss-768x452.jpg 768w, https:\/\/medienvielfalt.net\/wp-content\/uploads\/2024\/08\/ausstellung_abschluss.jpg 1360w\" sizes=\"auto, (max-width: 1024px) 100vw, 1024px\" \/><\/figure>\n<\/div>\n\n\n\n<div class=\"wp-block-column is-layout-flow wp-block-column-is-layout-flow\">\n<p class=\"ticss-1a672fb5 has-nv-site-bg-color has-text-color has-background has-link-color wp-elements-d073d890eda7434222fdb7555294fe08\" style=\"background-color:#e7375b\"><strong>Abschlussparty<\/strong><br>Mittwoch, 02.10. :: ab 21 Uhr<br>Ort: Epplehaus, Karlstr. 13<br><em>Eintritt auf Spende<\/em> <br><br>Oben gem\u00fctliches Plaudern und Abh\u00e4ngen rund um die Ausstellung und unten Dancefloor mit:<br>21:00-22:30 Djemia \/\/ HipHop<br>22:30-00:00 AI \/\/ Afrobeats &amp; Amapiano<br>00:00-01:30 Mina \/\/ Brasilianische Rhythmen (Samba, Funk &amp; Tech House) <br><br>Auch in der mehrheitlich wei\u00df dominierten Klubszene in Deutschland sollte der Slogan &#8222;Nothing About Us Without Us&#8220; gelten. Viele musikalische Einfl\u00fcsse, die die Technoszene pr\u00e4gen, haben ihren Ursprung in marginalisierten Communities, was oft unsichtbar bleibt.<br>Deswegen wollen Djemia, AI und Mina als BIPoC DJ&#8217;s den Raum einnehmen und durch ihre Musik ihren politischen Aktivismus sichtbar machen:<\/p>\n\n\n\n<figure class=\"wp-block-audio\"><audio controls src=\"https:\/\/medienvielfalt.net\/wp-content\/uploads\/2024\/09\/Djemias-Statement.mp3\"><\/audio><figcaption class=\"wp-element-caption\">Djemia \u00fcber den subversiven Charakter von HipHop<\/figcaption><\/figure>\n\n\n\n<figure class=\"wp-block-audio\"><audio controls src=\"https:\/\/medienvielfalt.net\/wp-content\/uploads\/2024\/09\/AIs-statement.mp3\"><\/audio><figcaption class=\"wp-element-caption\">AI \u00fcber was es bedeutet sich durch Afrobeats auszudr\u00fccken<\/figcaption><\/figure>\n\n\n\n<figure class=\"wp-block-audio\"><audio controls src=\"https:\/\/medienvielfalt.net\/wp-content\/uploads\/2024\/09\/Minas-Statement.mp3\"><\/audio><figcaption class=\"wp-element-caption\">Mina \u00fcber die politische Bedeutung brazilianischer Rhythms<\/figcaption><\/figure>\n<\/div>\n<\/div>\n\n\n\n<hr class=\"wp-block-separator has-alpha-channel-opacity\"\/>\n\n\n\n<div class=\"wp-block-columns is-layout-flex wp-container-core-columns-is-layout-9d6595d7 wp-block-columns-is-layout-flex\">\n<div class=\"wp-block-column is-layout-flow wp-block-column-is-layout-flow\" style=\"flex-basis:66.66%\">\n<figure class=\"wp-block-image size-full\"><img loading=\"lazy\" decoding=\"async\" width=\"729\" height=\"119\" src=\"https:\/\/medienvielfalt.net\/wp-content\/uploads\/2024\/08\/logos.jpg\" alt=\"\" class=\"wp-image-1744\" srcset=\"https:\/\/medienvielfalt.net\/wp-content\/uploads\/2024\/08\/logos.jpg 729w, https:\/\/medienvielfalt.net\/wp-content\/uploads\/2024\/08\/logos-300x49.jpg 300w\" sizes=\"auto, (max-width: 729px) 100vw, 729px\" \/><\/figure>\n<\/div>\n\n\n\n<div class=\"wp-block-column is-layout-flow wp-block-column-is-layout-flow\" style=\"flex-basis:33.33%\">\n<p class=\"has-text-align-center ticss-2bb0bc0a\">Herzlichen Dank an den Katholischen Fonds f\u00fcr die Unterst\u00fctzung des Wanderprojekts und an die Stadt T\u00fcbingen f\u00fcr die Kofinanzierung des Rahmenprogramms.<\/p>\n<\/div>\n<\/div>\n","protected":false},"excerpt":{"rendered":"<p>Wanderausstellung des &#8222;netzwerk medien.vielfalt!&#8220; Nothing About Us Without Us im Epplehaus T\u00fcbingen, Karlstra\u00dfe 13Montag, 16.09. &#8211; Mittwoch 2.10.2024ge\u00f6ffnet t\u00e4glich 17 \u2013 19 Uhr \u00dcberall k\u00f6nnen wir beobachten, wie durch verzerrte Berichterstattung Meinungen manipuliert und Ressentiments gesch\u00fcrt werden. Diesen Entwicklungen setzen junge Medienaktivist_innen mit Flucht- und Migrationserfahrung mit ihrer journalistischen Arbeit und durch diese Ausstellung andere&hellip;&nbsp;<a href=\"https:\/\/medienvielfalt.net\/index.php\/ausstellung\/wanderung\/nothing-about-us-without-us-in-tuebingen\/\" rel=\"bookmark\">Weiterlesen &raquo;<span class=\"screen-reader-text\">Ausstellung: Nothing About Us Without Us<\/span><\/a><\/p>\n","protected":false},"author":1,"featured_media":0,"parent":1089,"menu_order":0,"comment_status":"closed","ping_status":"closed","template":"","meta":{"_cbd_carousel_blocks":"[]","neve_meta_sidebar":"full-width","neve_meta_container":"","neve_meta_enable_content_width":"on","neve_meta_content_width":100,"neve_meta_title_alignment":"","neve_meta_author_avatar":"","neve_post_elements_order":"","neve_meta_disable_header":"","neve_meta_disable_footer":"","neve_meta_disable_title":"","_themeisle_gutenberg_block_has_review":false,"footnotes":""},"class_list":["post-1714","page","type-page","status-publish","hentry"],"_links":{"self":[{"href":"https:\/\/medienvielfalt.net\/index.php\/wp-json\/wp\/v2\/pages\/1714","targetHints":{"allow":["GET"]}}],"collection":[{"href":"https:\/\/medienvielfalt.net\/index.php\/wp-json\/wp\/v2\/pages"}],"about":[{"href":"https:\/\/medienvielfalt.net\/index.php\/wp-json\/wp\/v2\/types\/page"}],"author":[{"embeddable":true,"href":"https:\/\/medienvielfalt.net\/index.php\/wp-json\/wp\/v2\/users\/1"}],"replies":[{"embeddable":true,"href":"https:\/\/medienvielfalt.net\/index.php\/wp-json\/wp\/v2\/comments?post=1714"}],"version-history":[{"count":29,"href":"https:\/\/medienvielfalt.net\/index.php\/wp-json\/wp\/v2\/pages\/1714\/revisions"}],"predecessor-version":[{"id":1783,"href":"https:\/\/medienvielfalt.net\/index.php\/wp-json\/wp\/v2\/pages\/1714\/revisions\/1783"}],"up":[{"embeddable":true,"href":"https:\/\/medienvielfalt.net\/index.php\/wp-json\/wp\/v2\/pages\/1089"}],"wp:attachment":[{"href":"https:\/\/medienvielfalt.net\/index.php\/wp-json\/wp\/v2\/media?parent=1714"}],"curies":[{"name":"wp","href":"https:\/\/api.w.org\/{rel}","templated":true}]}}