{"id":818,"date":"2021-02-18T16:00:24","date_gmt":"2021-02-18T15:00:24","guid":{"rendered":"https:\/\/medienvielfalt.net\/?page_id=818"},"modified":"2022-02-04T14:42:48","modified_gmt":"2022-02-04T13:42:48","slug":"podcasts","status":"publish","type":"page","link":"https:\/\/medienvielfalt.net\/index.php\/podcasts\/","title":{"rendered":"PODCASTS"},"content":{"rendered":"\n<div class=\"wp-block-columns is-layout-flex wp-container-core-columns-is-layout-9d6595d7 wp-block-columns-is-layout-flex\">\n<div class=\"wp-block-column is-layout-flow wp-block-column-is-layout-flow\">\n<p>Neben unseren&nbsp;<a rel=\"noreferrer noopener\" href=\"https:\/\/medienvielfalt.net\/index.php\/redaktionen\/\" target=\"_blank\">Redaktionen und Radiosendungen<\/a>, bieten wir auch Podcasts an. Mehr Informationen zu den einzelnen Podcasts und Links zu deren Folgen findet ihr auf dieser Seite! Da wir vor allem auch neu entstehende Formate unterst\u00fctzen wollen,&nbsp;<a rel=\"noreferrer noopener\" href=\"https:\/\/medienvielfalt.net\/index.php\/kontakt\/\" target=\"_blank\">schreibt uns<\/a>&nbsp;einfach an, wenn ihr Ideen habt!<\/p>\n<\/div>\n<\/div>\n\n\n\n<div class=\"wp-block-columns is-layout-flex wp-container-core-columns-is-layout-9d6595d7 wp-block-columns-is-layout-flex\">\n<div class=\"wp-block-column is-layout-flow wp-block-column-is-layout-flow\"><div id=\"cn-top\" style=\"position: absolute; top: 0; right: 0;\"><\/div><div class=\"cn-list\" id=\"cn-list\" data-connections-version=\"10.4.15-0.6\"><div class=\"cn-template cn-gridder\" id=\"cn-gridder\" data-template-version=\"1.5\"><div class=\"cn-list-head\">\n\n<form class=\"cn-form\" id=\"cn-cat-select\" method=\"get\"><\/form><\/div>\n<div class=\"cn-list-body\" id=\"cn-list-body\">\n<div class=\"cn-list-row cn-list-item vcard organization podcasts cn-gridder-item\" id=\"not-okay-podcast\" data-entry-type=\"organization\" data-entry-id=\"66\" data-entry-slug=\"not-okay-podcast\"><div class=\"cn-gridder-thumb\" style=\"background-color: #d4ecff; width: 370px; height: 300px;\">\n\t\n\t<span class=\"cn-image-style\"><span style=\"display: block; max-width: 100%; width: 370px\"><img height=\"300\" width=\"370\" sizes=\"auto, 100vw\" lazyload=\"1\" class=\"cn-image photo\" alt=\"Foto von (not) okay Podcast\" title=\"Foto von (not) okay Podcast\" srcset=\"\/\/medienvielfalt.net\/wp-content\/uploads\/connections-images\/not-okay-podcast\/notokay-c9ef6cf2c12d0c649d58e32e80ef553c.jpg 1x\" loading=\"lazy\"\/><\/span><\/span>\n\n\t\n\t\t<span class=\"cn-gridder-overlay cn-gridder-overlay-static\" style=\"background-color: #d4ecff; color: #000;\"><span class=\"org fn notranslate\">(not) okay Podcast<\/span>\n\t\t<span class=\"cn-gridder-toggle cn-gridder-toggle-top-right\"><\/span>\t\t<\/span> <!-- END .cn-gridder-overlay -->\n\n\t\t\n\t\n<\/div> <!-- END .cn-gridder-thumb -->\n\n<div class=\"cn-gridder-content\" style=\"background-color: #d4ecff; color: #000;\">\n\t\n\t<div class=\"cn-gridder-contact\">\n\n\t\t\n\n\t\t<span class=\"social-media-block\">\n\t<span class=\"social-media-network cn-social-media-network cn-preferred cn-social-media-network-preferred\"><a class=\"url rss\" href=\"https:\/\/diversitymedia.podcasterin.de\/notokay.rss\" target=\"_blank\" rel=\"noopener noreferrer nofollow\" title=\"RSS\"><i class=\"cn-brandicon-rss cn-brandicon-size-32\"><\/i><\/a><\/span>\n\n<\/span>\n\n\t<\/div>\n\n\t<div class=\"cn-gridder-excerpt\">\n\n\t\t<div class=\"cn-excerpt\"><p>Wir reden realistisch, kritisch und empowerend \u00fcber das Thema Psyche, mit H\u00f6hen und Tiefen, und teilen mit euch verschiedene Prespektiven dazu: ohne Stereotypen, ohne Mythos und ohne Stigma. Wir reden unter anderem \u00fcber psychische Erkrankungen und Gesundheit, Therapeutensuche, aber auch \u00fcber Mehrfach-Diskriminierung und Intersektionalit\u00e4t.<br \/>\nEine Produktion von <a href=\"https:\/\/diversitymedia.info\" target=\"_blank\" rel=\"noopener\">Diversity Media e.V.<\/a> mit F\u00f6rderung vom <a href=\"https:\/\/medienvielfalt.net\/\" rel=\"noopener\">netzwerk medien.vielfalt!<\/a><\/p>\n<p><a href=\"https:\/\/open.spotify.com\/show\/5u5E35egeXFRfiBEexhFuj\" target=\"_blank\" rel=\"noopener\"><img loading=\"lazy\" decoding=\"async\" class=\"alignnone size-full wp-image-875\" src=\"https:\/\/medienvielfalt.net\/wp-content\/uploads\/2021\/05\/play.png\" alt=\"\" width=\"50\" height=\"48\" \/><\/a><\/p>\n<\/div>\n\n\t<\/div>\n\n\t\n<\/div> <!-- END .cn-gridder-content -->\n\n<\/div>\n<div class=\"cn-list-row-alternate cn-list-item vcard organization podcasts cn-gridder-item\" id=\"entwurzelt-aber\" data-entry-type=\"organization\" data-entry-id=\"58\" data-entry-slug=\"entwurzelt-aber\"><div class=\"cn-gridder-thumb\" style=\"background-color: #d4ecff; width: 370px; height: 300px;\">\n\t\n\t<span class=\"cn-image-style\"><span style=\"display: block; max-width: 100%; width: 370px\"><img height=\"300\" width=\"370\" sizes=\"auto, 100vw\" lazyload=\"1\" class=\"cn-image photo\" alt=\"Foto von Entwurzelt aber&#8230;\" title=\"Foto von Entwurzelt aber&#8230;\" srcset=\"\/\/medienvielfalt.net\/wp-content\/uploads\/connections-images\/entwurzelt-aber\/entwurzelt_rot-63edc909d77eacac7355de31555f25e1.jpg 1x\" loading=\"lazy\"\/><\/span><\/span>\n\n\t\n\t\t<span class=\"cn-gridder-overlay cn-gridder-overlay-static\" style=\"background-color: #d4ecff; color: #000;\"><span class=\"org fn notranslate\">Entwurzelt aber&#8230;<\/span>\n\t\t<span class=\"cn-gridder-toggle cn-gridder-toggle-top-right\"><\/span>\t\t<\/span> <!-- END .cn-gridder-overlay -->\n\n\t\t\n\t\n<\/div> <!-- END .cn-gridder-thumb -->\n\n<div class=\"cn-gridder-content\" style=\"background-color: #d4ecff; color: #000;\">\n\t\n\t<div class=\"cn-gridder-contact\">\n\n\t\t\n\n\t\t<span class=\"social-media-block\">\n\t<span class=\"social-media-network cn-social-media-network\"><a class=\"url instagram\" href=\"https:\/\/www.instagram.com\/entwurzelt.aber\" target=\"_blank\" rel=\"noopener noreferrer nofollow\" title=\"Instagram\"><i class=\"cn-brandicon-instagram cn-brandicon-size-32\"><\/i><\/a><\/span>\n\n<\/span>\n\n\t<\/div>\n\n\t<div class=\"cn-gridder-excerpt\">\n\n\t\t<div class=\"cn-excerpt\"><p><strong>RDL :: FREIBURG<\/strong><\/p>\n<p><img loading=\"lazy\" decoding=\"async\" class=\"wp-image-807 size-medium alignright\" src=\"https:\/\/medienvielfalt.net\/wp-content\/uploads\/2021\/02\/entwurzelt_kl-258x300.jpg\" alt=\"\" width=\"258\" height=\"300\" srcset=\"https:\/\/medienvielfalt.net\/wp-content\/uploads\/2021\/02\/entwurzelt_kl-258x300.jpg 258w, https:\/\/medienvielfalt.net\/wp-content\/uploads\/2021\/02\/entwurzelt_kl.jpg 553w\" sizes=\"auto, (max-width: 258px) 100vw, 258px\" \/>\u201eEntwurzelt aber \u2026\u201c &#8211; das ist die neue Podcastreihe von Manizha und Lola, Mitglieder von Our Voice.<br \/>\nHier geht es um die Entwicklungsgeschichte von Gefl\u00fcchteten und MigrantInnen. In jeder Folge haben sie G\u00e4ste, die \u00fcber ihre eigenen Erfolgsgeschichten erz\u00e4hlen.<br \/>\n\u00dcber den Podcast schreiben Manizha und Lola:<br \/>\n&#8222;Es wird Zeit, dass wir ein Gesicht zeigen. Denn f\u00fcr uns ist das Leben kein Pony Hof. Wir sind st\u00e4ndig umgeben von Rassismus, Klassizismus und andere Arten von Diskriminierung, so dass wir nicht mehr still bleiben wollen. Wir wollen die Geschichte aus unsere Perspektive erz\u00e4hlen. wir sind da und bleiben.<br \/>\nDiese Plattform macht Platz f\u00fcr Migrant*Innen und Gefl\u00fcchtete, damit unsere Geschichten geh\u00f6rt wird.&#8220;<\/p>\n<p><a href=\"https:\/\/linktr.ee\/entwurzeltaber\" target=\"_blank\" rel=\"noopener\"><img loading=\"lazy\" decoding=\"async\" class=\"alignnone size-full wp-image-358\" src=\"https:\/\/medienvielfalt.net\/wp-content\/uploads\/2020\/10\/red_button_web.png\" alt=\"\" width=\"50\" height=\"48\" \/><\/a><a href=\"https:\/\/open.spotify.com\/show\/4j6UJbqGZA1VJNVL6YWoLh\" target=\"_blank\" rel=\"noopener\"><img loading=\"lazy\" decoding=\"async\" class=\"alignnone wp-image-875 size-full\" src=\"https:\/\/medienvielfalt.net\/wp-content\/uploads\/2021\/05\/play.png\" alt=\"\" width=\"50\" height=\"48\" \/><\/a><\/p>\n<\/div>\n\n\t<\/div>\n\n\t\n<\/div> <!-- END .cn-gridder-content -->\n\n<\/div>\n<div class=\"cn-list-row cn-list-item vcard organization podcasts cn-gridder-item\" id=\"migrativ-1\" data-entry-type=\"organization\" data-entry-id=\"55\" data-entry-slug=\"migrativ-1\"><div class=\"cn-gridder-thumb\" style=\"background-color: #d4ecff; width: 370px; height: 300px;\">\n\t\n\t<span class=\"cn-image-style\"><span style=\"display: block; max-width: 100%; width: 370px\"><img height=\"300\" width=\"370\" sizes=\"auto, 100vw\" lazyload=\"1\" class=\"cn-image photo\" alt=\"Foto von Migrativ\" title=\"Foto von Migrativ\" srcset=\"\/\/medienvielfalt.net\/wp-content\/uploads\/connections-images\/migrativ-1\/migrativ3-e003e08d778274631b356e6eb81378f7.jpg 1x\" loading=\"lazy\"\/><\/span><\/span>\n\n\t\n\t\t<span class=\"cn-gridder-overlay cn-gridder-overlay-static\" style=\"background-color: #d4ecff; color: #000;\"><span class=\"org fn notranslate\">Migrativ<\/span>\n\t\t<span class=\"cn-gridder-toggle cn-gridder-toggle-top-right\"><\/span>\t\t<\/span> <!-- END .cn-gridder-overlay -->\n\n\t\t\n\t\n<\/div> <!-- END .cn-gridder-thumb -->\n\n<div class=\"cn-gridder-content\" style=\"background-color: #d4ecff; color: #000;\">\n\t\n\t<div class=\"cn-gridder-contact\">\n\n\t\t\n\n\t\t<span class=\"social-media-block\">\n\t<span class=\"social-media-network cn-social-media-network\"><a class=\"url instagram\" href=\"https:\/\/www.instagram.com\/migrativ\" target=\"_blank\" rel=\"noopener noreferrer nofollow\" title=\"Instagram\"><i class=\"cn-brandicon-instagram cn-brandicon-size-32\"><\/i><\/a><\/span>\n\n<\/span>\n\n\t<\/div>\n\n\t<div class=\"cn-gridder-excerpt\">\n\n\t\t<div class=\"cn-excerpt\"><p><strong>RDL :: FREIBURG<\/strong><\/p>\n<p><img loading=\"lazy\" decoding=\"async\" class=\"wp-image-796 size-thumbnail alignright\" src=\"https:\/\/medienvielfalt.net\/wp-content\/uploads\/2021\/02\/migrativ-teas-150x150.jpg\" alt=\"\" width=\"150\" height=\"150\" srcset=\"https:\/\/medienvielfalt.net\/wp-content\/uploads\/2021\/02\/migrativ-teas-150x150.jpg 150w, https:\/\/medienvielfalt.net\/wp-content\/uploads\/2021\/02\/migrativ-teas-300x300.jpg 300w, https:\/\/medienvielfalt.net\/wp-content\/uploads\/2021\/02\/migrativ-teas-1024x1024.jpg 1024w, https:\/\/medienvielfalt.net\/wp-content\/uploads\/2021\/02\/migrativ-teas-768x768.jpg 768w, https:\/\/medienvielfalt.net\/wp-content\/uploads\/2021\/02\/migrativ-teas.jpg 1080w\" sizes=\"auto, (max-width: 150px) 100vw, 150px\" \/>&#8222;Migrativ &#8211; Migrant und Aktiv&#8220; ist der neue Podcast von Our Voice &#8211; der Gefl\u00fcchteten Redaktion von Radio Dreyeckland.<br \/>\nIn diesem Podcast pr\u00e4sentiert Our Voice Gefl\u00fcchtete und Migrant*innen, die sich f\u00fcr ihre Community einsetzen. Our Voice spricht mit ihnen sprechen \u00fcber ihr Engagement, die H\u00fcrden, die ihnen im Weg stehen und dar\u00fcber, wie sie die deutsche Gesellschaft bewerten.<br \/>\nDie Folgen werden immer am ersten Freitag im Monat ver\u00f6ffentlicht.<\/p>\n<p><a href=\"http:\/\/rdl.de\/our-voice\"><img loading=\"lazy\" decoding=\"async\" class=\"alignnone size-full wp-image-358\" src=\"https:\/\/medienvielfalt.net\/wp-content\/uploads\/2020\/10\/red_button_web.png\" alt=\"\" width=\"50\" height=\"48\" \/><\/a><a href=\"https:\/\/open.spotify.com\/show\/1jhsKS2XDw74G92OnpuFP3\" target=\"_blank\" rel=\"noopener\"><img loading=\"lazy\" decoding=\"async\" class=\"alignnone wp-image-875 size-full\" src=\"https:\/\/medienvielfalt.net\/wp-content\/uploads\/2021\/05\/play.png\" alt=\"\" width=\"50\" height=\"48\" \/><\/a><\/p>\n<\/div>\n\n\t<\/div>\n\n\t\n<\/div> <!-- END .cn-gridder-content -->\n\n<\/div>\n<div class=\"cn-list-row-alternate cn-list-item vcard organization podcasts cn-gridder-item\" id=\"undisturbed\" data-entry-type=\"organization\" data-entry-id=\"60\" data-entry-slug=\"undisturbed\"><div class=\"cn-gridder-thumb\" style=\"background-color: #d4ecff; width: 370px; height: 300px;\">\n\t\n\t<span class=\"cn-image-style\"><span style=\"display: block; max-width: 100%; width: 370px\"><img height=\"300\" width=\"370\" sizes=\"auto, 100vw\" lazyload=\"1\" class=\"cn-image photo\" alt=\"Foto von Undisturbed\" title=\"Foto von Undisturbed\" srcset=\"\/\/medienvielfalt.net\/wp-content\/uploads\/connections-images\/undisturbed\/nmv_pod_undisturbed-63bc1cf1e617348851c5cebcd1cc2341.jpg 1x\" loading=\"lazy\"\/><\/span><\/span>\n\n\t\n\t\t<span class=\"cn-gridder-overlay cn-gridder-overlay-static\" style=\"background-color: #d4ecff; color: #000;\"><span class=\"org fn notranslate\">Undisturbed<\/span>\n\t\t<span class=\"cn-gridder-toggle cn-gridder-toggle-top-right\"><\/span>\t\t<\/span> <!-- END .cn-gridder-overlay -->\n\n\t\t\n\t\n<\/div> <!-- END .cn-gridder-thumb -->\n\n<div class=\"cn-gridder-content\" style=\"background-color: #d4ecff; color: #000;\">\n\t\n\t<div class=\"cn-gridder-contact\">\n\n\t\t\n\n\t\t<span class=\"social-media-block\">\n\t<span class=\"social-media-network cn-social-media-network\"><a class=\"url rss\" href=\"https:\/\/anchor.fm\/s\/3fc107fc\/podcast\/rss\" target=\"_blank\" rel=\"noopener noreferrer nofollow\" title=\"RSS\"><i class=\"cn-brandicon-rss cn-brandicon-size-32\"><\/i><\/a><\/span>\n\n<\/span>\n\n\t<\/div>\n\n\t<div class=\"cn-gridder-excerpt\">\n\n\t\t<div class=\"cn-excerpt\"><p><img loading=\"lazy\" decoding=\"async\" class=\"wp-image-824 size-thumbnail alignright\" src=\"https:\/\/medienvielfalt.net\/wp-content\/uploads\/2021\/02\/nmv_pod_undisturbed-150x150.jpg\" alt=\"\" width=\"150\" height=\"150\" \/><\/p>\n<p><strong>BERLIN. Undisturbed is a tunnel to understanding global leftist movements.<\/strong><\/p>\n<p>I, Bijan Sabbagh, introduce activist faces around the Europe on Undisturbed. Join me in listening to the stories they have for me!<\/p>\n<p>Undisturbed music is created by Jonas. All derivatives of podcast possible according to &#8222;Creative Commons BY-NC-SA 4.0&#8220; which includes honoring the producers.<\/p>\n<p>Undisturbed is another podcast from Colourful Voices, and is supported by netzwerk medien.vielfalt!<\/p>\n<p>Don\u2019t forget to check my other podcast,<strong>\u00a0<a class=\"ext\" href=\"https:\/\/www.chronos-farsi.com\/kandahar-podcast\/\" target=\"_blank\" rel=\"noopener\" data-extlink=\"\">Kandahar<\/a>\u00a0<\/strong>in Farsi!<\/p>\n<p>You can send me your voice messages through Anchor. Just find your favorite podcasting app among one of the links below, and hit that beautiful \u201cSubscribe\u201d! \ud83d\ude42<\/p>\n<p>Find me on <strong><a href=\"https:\/\/open.spotify.com\/show\/6Aqs2nDV2ofSiqf8V5e3QR\" target=\"_blank\" rel=\"noopener\">SPOTIFY<\/a> <\/strong>::<strong> <a href=\"https:\/\/podcasts.apple.com\/de\/podcast\/undisturbed\/id1540167463\" target=\"_blank\" rel=\"noopener\">APPLE PODCASTS<\/a> <\/strong>:: <strong><a href=\"https:\/\/www.google.com\/podcasts?feed=aHR0cHM6Ly9hbmNob3IuZm0vcy8zZmMxMDdmYy9wb2RjYXN0L3Jzcw==\" target=\"_blank\" rel=\"noopener\">GOOGLE PODCASTS<\/a><\/strong> :: <strong><a href=\"https:\/\/castbox.fm\/ch\/3517329\" target=\"_blank\" rel=\"noopener\">CASTBOX<\/a> <\/strong>:: <strong><a href=\"https:\/\/anchor.fm\/undisturbed\" target=\"_blank\" rel=\"noopener\">ANCHOR<\/a><\/strong>.<\/p>\n<p><a href=\"https:\/\/open.spotify.com\/show\/6Aqs2nDV2ofSiqf8V5e3QR\" target=\"_blank\" rel=\"noopener\"><img loading=\"lazy\" decoding=\"async\" class=\"alignnone wp-image-875 size-full\" src=\"https:\/\/medienvielfalt.net\/wp-content\/uploads\/2021\/05\/play.png\" alt=\"\" width=\"50\" height=\"48\" \/><\/a><\/p>\n<\/div>\n\n\t<\/div>\n\n\t\n<\/div> <!-- END .cn-gridder-content -->\n\n<\/div>\n<div class=\"cn-list-row cn-list-item vcard organization podcasts cn-gridder-item\" id=\"whats-up-freiburg\" data-entry-type=\"organization\" data-entry-id=\"67\" data-entry-slug=\"whats-up-freiburg\"><div class=\"cn-gridder-thumb\" style=\"background-color: #d4ecff; width: 370px; height: 300px;\">\n\t\n\t<span class=\"cn-image-style\"><span style=\"display: block; max-width: 100%; width: 370px\"><img height=\"300\" width=\"370\" sizes=\"auto, 100vw\" lazyload=\"1\" class=\"cn-image photo\" alt=\"Foto von What&#8217;s up Freiburg?\" title=\"Foto von What&#8217;s up Freiburg?\" srcset=\"\/\/medienvielfalt.net\/wp-content\/uploads\/connections-images\/whats-up-freiburg\/wufb-8f5c1dd6bc7e23cf69da89c2d95f0010.png 1x\" loading=\"lazy\"\/><\/span><\/span>\n\n\t\n\t\t<span class=\"cn-gridder-overlay cn-gridder-overlay-static\" style=\"background-color: #d4ecff; color: #000;\"><span class=\"org fn notranslate\">What&#8217;s up Freiburg?<\/span>\n\t\t<span class=\"cn-gridder-toggle cn-gridder-toggle-top-right\"><\/span>\t\t<\/span> <!-- END .cn-gridder-overlay -->\n\n\t\t\n\t\n<\/div> <!-- END .cn-gridder-thumb -->\n\n<div class=\"cn-gridder-content\" style=\"background-color: #d4ecff; color: #000;\">\n\t\n\t<div class=\"cn-gridder-contact\">\n\n\t\t\n\n\t\t<span class=\"social-media-block\">\n\t<span class=\"social-media-network cn-social-media-network\"><a class=\"url rss\" href=\"https:\/\/rdl.de\/node\/60809\/podcast.xml\" target=\"_blank\" rel=\"noopener noreferrer nofollow\" title=\"RSS\"><i class=\"cn-brandicon-rss cn-brandicon-size-32\"><\/i><\/a><\/span>\n\n<\/span>\n\n\t<\/div>\n\n\t<div class=\"cn-gridder-excerpt\">\n\n\t\t<div class=\"cn-excerpt\"><p>An orientation program for refugees in Freiburg.<br \/>\nHow do I meet new people in Freiburg? Where can I get information about my asylum process? How does life in Germany function? What am I allowed to do or not to do? Those are questions that refugees constantly ask themselves. In this new podcast, Our Voice (hier zu Our Voice Seite einf\u00fchren) \u2013 the refugee editorial by radio Radio Dreyeckland \u2013 provides you basic information about life in Freiburg and in Germany as a whole. Tips, advice and counselling in english, french and arabic.<\/p>\n<p><a href=\"https:\/\/rdl.de\/sendung\/what-s-freiburg\" target=\"_blank\" rel=\"noopener\"><img loading=\"lazy\" decoding=\"async\" class=\"alignnone size-full wp-image-875\" src=\"https:\/\/medienvielfalt.net\/wp-content\/uploads\/2021\/05\/play.png\" alt=\"\" width=\"50\" height=\"48\" \/><\/a><\/p>\n<\/div>\n\n\t<\/div>\n\n\t\n<\/div> <!-- END .cn-gridder-content -->\n\n<\/div>\n<\/div>\n<div class=\"cn-list-foot\">\n\n<\/div>\n\n<\/div>\n\n<\/div>\n<\/div>\n<\/div>\n","protected":false},"excerpt":{"rendered":"<p>Neben unseren&nbsp;Redaktionen und Radiosendungen, bieten wir auch Podcasts an. Mehr Informationen zu den einzelnen Podcasts und Links zu deren Folgen findet ihr auf dieser Seite! Da wir vor allem auch neu entstehende Formate unterst\u00fctzen wollen,&nbsp;schreibt uns&nbsp;einfach an, wenn ihr Ideen habt!<\/p>\n","protected":false},"author":1,"featured_media":0,"parent":0,"menu_order":0,"comment_status":"closed","ping_status":"closed","template":"","meta":{"_cbd_carousel_blocks":"[]","neve_meta_sidebar":"full-width","neve_meta_container":"","neve_meta_enable_content_width":"on","neve_meta_content_width":100,"neve_meta_title_alignment":"","neve_meta_author_avatar":"","neve_post_elements_order":"","neve_meta_disable_header":"","neve_meta_disable_footer":"","neve_meta_disable_title":"","_themeisle_gutenberg_block_has_review":false,"footnotes":""},"class_list":["post-818","page","type-page","status-publish","hentry"],"_links":{"self":[{"href":"https:\/\/medienvielfalt.net\/index.php\/wp-json\/wp\/v2\/pages\/818","targetHints":{"allow":["GET"]}}],"collection":[{"href":"https:\/\/medienvielfalt.net\/index.php\/wp-json\/wp\/v2\/pages"}],"about":[{"href":"https:\/\/medienvielfalt.net\/index.php\/wp-json\/wp\/v2\/types\/page"}],"author":[{"embeddable":true,"href":"https:\/\/medienvielfalt.net\/index.php\/wp-json\/wp\/v2\/users\/1"}],"replies":[{"embeddable":true,"href":"https:\/\/medienvielfalt.net\/index.php\/wp-json\/wp\/v2\/comments?post=818"}],"version-history":[{"count":5,"href":"https:\/\/medienvielfalt.net\/index.php\/wp-json\/wp\/v2\/pages\/818\/revisions"}],"predecessor-version":[{"id":930,"href":"https:\/\/medienvielfalt.net\/index.php\/wp-json\/wp\/v2\/pages\/818\/revisions\/930"}],"wp:attachment":[{"href":"https:\/\/medienvielfalt.net\/index.php\/wp-json\/wp\/v2\/media?parent=818"}],"curies":[{"name":"wp","href":"https:\/\/api.w.org\/{rel}","templated":true}]}}